{"id":892,"date":"2024-09-24T11:30:06","date_gmt":"2024-09-24T14:30:06","guid":{"rendered":"https:\/\/2024.evic.cl\/?page_id=892"},"modified":"2024-11-10T17:54:16","modified_gmt":"2024-11-10T20:54:16","slug":"concurso-de-posters-2","status":"publish","type":"page","link":"https:\/\/2024.evic.cl\/?page_id=892","title":{"rendered":"Concurso de Posters EVIC 2024"},"content":{"rendered":"\n<h2 class=\"wp-block-heading\">Concurso de Posters EVIC 2024<\/h2>\n\n\n\n<div class=\"wp-block-media-text alignwide is-stacked-on-mobile\"><figure class=\"wp-block-media-text__media\"><img loading=\"lazy\" decoding=\"async\" width=\"947\" height=\"533\" src=\"https:\/\/2024.evic.cl\/wp-content\/uploads\/2023\/12\/Screenshot-from-2023-12-29-17-33-09.png\" alt=\"Poster de Giovanni Cocca\" class=\"wp-image-864 size-full\"\/><\/figure><div class=\"wp-block-media-text__content\">\n<p class=\"has-ast-global-color-8-color has-text-color has-medium-font-size\"><strong>En EVIC 2024, se realizar\u00e1 un Concurso de Posters en Inteligencia Computacional<\/strong>. <strong>Esto se llevar\u00e1 a cabo en la Facultad de Ingenier\u00eda de la Universidad de Concepci\u00f3n, Edmundo Larenas 219, Concepci\u00f3n.<\/strong><\/p>\n\n\n\n<p class=\"has-ast-global-color-8-color has-text-color has-medium-font-size\"><strong>Los participantes de la competencia deben ser estudiantes de pregrado o de postgrado que presenten sus trabajos de investigaci\u00f3n o tesis en Inteligencia Computacional, Machine Learning, Ciencia de Datos y disciplinas afines. Estudiantes recientemente graduados tambi\u00e9n podr\u00e1n participar.<\/strong><\/p>\n<\/div><\/div>\n\n\n\n<p><\/p>\n\n\n\n<div class=\"wp-block-columns alignfull has-ast-global-color-7-background-color has-background is-layout-flex wp-container-core-columns-is-layout-28f84493 wp-block-columns-is-layout-flex\">\n<div class=\"wp-block-column is-layout-flow wp-block-column-is-layout-flow\">\n<h2 class=\"wp-block-heading\">Ganadores versi\u00f3n 2023<\/h2>\n\n\n\n<p class=\"has-ast-global-color-0-color has-text-color\"><strong>Nos gustar\u00eda agradecer enormemente la participaci\u00f3n record que tuvimos en el concurso de posters este a\u00f1o. Fue realmente satisfactorio ver la cantidad de trabajos y ver en ellos reflejado el avance y talento de toda una generaci\u00f3n que inicia su carrera en la inteligencia computacional. Este a\u00f1o fueron tres los trabajopremiados por su claridad, madurez y contribuci\u00f3n:<br><br>1er lugar: Supervised Learning for Power Flow with Graph Transformer Network Architecture, <a href=\"https:\/\/www.linkedin.com\/in\/ACoAABZ99MgBsq_SNhgzc1BoC9bqGM9EVGtNxvo\"><\/a><a href=\"https:\/\/www.linkedin.com\/in\/alfergar-lk\/\">Giovanni Cocca Guardia<\/a>, Gabriel Hermosilla Vigneau y <a href=\"https:\/\/www.linkedin.com\/in\/ACoAAAjK1CwBZRu7PbhmCqD1M6Q7Jelb_8J0xp0\"><\/a><a href=\"https:\/\/www.linkedin.com\/in\/hector-vargas-oyarzun-92449841\/\">Hector Vargas Oyarzun<\/a>.<br><br>2do lugar: A Novel Framework for Range Autonomy Prognostics in Electric Vehicles, <a href=\"https:\/\/www.linkedin.com\/in\/ACoAABiuLi8Bn241IoXK2TWyHsFPlEPuyaOtIuY\"><\/a><a href=\"https:\/\/www.linkedin.com\/in\/jorgegarciabustos\/\">Jorge Garc\u00eda Bustos<\/a>, <a href=\"https:\/\/www.linkedin.com\/in\/ACoAAD8MuhABWtDZ1fAFGWAm9R9ZzJ6QLF8ChY4\"><\/a><a href=\"https:\/\/www.linkedin.com\/in\/benjamin-brito-schiele-014308256\/\">Benjamin Brito Schiele<\/a>, <a href=\"https:\/\/www.linkedin.com\/in\/ACoAADbc0sQB0JhcHEPaP4ZphAoMAtyeUFCN9V4\"><\/a><a href=\"https:\/\/www.linkedin.com\/in\/bruno-masserano-b18306218\/\">Bruno Masserano<\/a> y <a href=\"https:\/\/www.linkedin.com\/in\/ACoAAAPsgdABfUUGvd1mfqYM8v743slmlF_oC58\"><\/a><a href=\"https:\/\/www.linkedin.com\/in\/marcos-orchard-a400681a\/\">Marcos Orchard<\/a>.<br><br>3er lugar: ALICIA: Assistant with Intelligent Location and Advances Computing Queries, <a href=\"https:\/\/www.linkedin.com\/in\/ACoAADhdtM4Bu3EhhcRUs14pR-T6W_i8qZo5tqA\"><\/a><a href=\"https:\/\/www.linkedin.com\/in\/guillermo-cid-ampuero-b7a84b224\/\">Guillermo Cid Ampuero<\/a>, Carlos elias zamorano carre\u00f1o, Gabriel Hermosilla Vigneau.<\/strong><\/p>\n\n\n\n<figure class=\"wp-block-image size-full\"><img loading=\"lazy\" decoding=\"async\" width=\"800\" height=\"442\" src=\"https:\/\/2024.evic.cl\/wp-content\/uploads\/2023\/12\/Screenshot-from-2023-12-29-17-28-30.png\" alt=\"\" class=\"wp-image-860\"\/><\/figure>\n<\/div>\n<\/div>\n\n\n\n<div class=\"wp-block-columns alignfull has-ast-global-color-5-color has-ast-global-color-0-background-color has-text-color has-background is-layout-flex wp-container-core-columns-is-layout-28f84493 wp-block-columns-is-layout-flex\">\n<div class=\"wp-block-column is-layout-flow wp-block-column-is-layout-flow\">\n<h2 class=\"wp-block-heading has-ast-global-color-5-color has-text-color\">Bases del concurso<\/h2>\n\n\n\n<p class=\"has-ast-global-color-5-color has-text-color has-medium-font-size\">Los posters presentados ser\u00e1n seleccionados en base a un resumen (Abstract) extendido, escrito en ingl\u00e9s. El estudiante debe ser el primer autor del trabajo y, de ser seleccionado su resumen, debe presentar oralmente el poster al jurado en 5 minutos.<\/p>\n\n\n\n<p class=\"has-ast-global-color-7-color has-text-color has-medium-font-size\"><strong>Fecha l\u00edmite para env\u00edo de abstracts: 15 de noviembre, 2024<\/strong><strong><br>Notificaci\u00f3n de trabajos aceptados: 29 noviembre, 2024<\/strong><\/p>\n\n\n\n<h3 class=\"wp-block-heading has-ast-global-color-5-color has-text-color\">M\u00e9todo de env\u00edo<\/h3>\n\n\n\n<p class=\"has-link-color wp-elements-bba2cb4869561419f92f1d4c90c1b534\"><strong>Los abstracts extendidos ser\u00e1n enviados a trav\u00e9s de la <a href=\"https:\/\/openreview.net\/group?id=EVIC.cl\/2024\" target=\"_blank\" rel=\"noreferrer noopener\">plataforma OpenReview<\/a>. Quienes participen deben crear una cuenta y seguir los pasos que se indiquen.<\/strong><\/p>\n\n\n\n<div class=\"wp-block-buttons is-layout-flex wp-block-buttons-is-layout-flex\">\n<div class=\"wp-block-button\"><a class=\"wp-block-button__link has-luminous-vivid-orange-background-color has-background wp-element-button\" href=\"https:\/\/openreview.net\/group?id=EVIC.cl\/2024\" target=\"_blank\" rel=\"noreferrer noopener\">EVIC 2024 Submissions<\/a><\/div>\n<\/div>\n\n\n\n<h3 class=\"wp-block-heading has-ast-global-color-5-color has-text-color\">Instrucciones para env\u00edo de resumenes<\/h3>\n\n\n\n<ol class=\"wp-block-list has-ast-global-color-5-color has-text-color has-link-color wp-elements-f260c71dd55520dcc495826174265918\">\n<li><strong>Los res\u00famenes deben explicar de manera concisa el trabajo propuesto, presentando el contexto y la motivaci\u00f3n del tema, los m\u00e9todos utilizados, resultados preliminares y la principal contribuci\u00f3n. Deben ser escritos en ingl\u00e9s, con un l\u00edmite de 2 p\u00e1ginas incluyendo todas las figuras y tablas, m\u00e1s una 3ra p\u00e1gina para referencias si es necesario.<\/strong><\/li>\n\n\n\n<li><strong>El formato para el env\u00edo de trabajos se encuentra en el siguiente enlace: <a href=\"https:\/\/www.ieee.org\/conferences\/publishing\/templates.html\" target=\"_blank\" rel=\"noreferrer noopener\">https:\/\/www.ieee.org\/conferences\/publishing\/templates.html\/<\/a><\/strong><br><\/li>\n\n\n\n<li><strong>El resumen debe incluir el nombre del estudiante participando en la competencia y el nombre de los co-autores<\/strong>.<br><\/li>\n\n\n\n<li><strong>El resumen debe estar en formato PDF usando la plantilla IEEE<\/strong>.<\/li>\n<\/ol>\n<\/div>\n<\/div>\n\n\n\n<p><\/p>\n\n\n\n<div class=\"wp-block-columns alignwide is-layout-flex wp-container-core-columns-is-layout-28f84493 wp-block-columns-is-layout-flex\">\n<div class=\"wp-block-column is-layout-flow wp-block-column-is-layout-flow\">\n<h3 class=\"wp-block-heading\">Instrucciones para posters<\/h3>\n\n\n\n<ol class=\"wp-block-list\">\n<li><strong>El p\u00f3ster debe incluir el t\u00edtulo completo de la presentaci\u00f3n, los nombres de los autores y sus afiliaciones respectivas.<\/strong><\/li>\n\n\n\n<li><strong>Deben llevar su p\u00f3ster impreso el d\u00eda de la presentaci\u00f3n.<\/strong><\/li>\n\n\n\n<li><strong>El tama\u00f1o sugerido para el p\u00f3ster es A0, formato retrato (portrait): 840 mm\/33\u2033 largo por 1188mm\/47\u2033 de alto; el alto m\u00e1ximo del afiche es 950 mm\/37\u2033 largo por 1200mm\/47\u2033 de alto.<\/strong><\/li>\n\n\n\n<li><strong>Respecto al punto anterior: se recomienda fuertemente que el poster sea vertical. De superar el ancho m\u00e1ximo el p\u00f3ster no cabr\u00e1 en los paneles.<\/strong><\/li>\n\n\n\n<li><strong>El poster NO consiste en simplemente pegar el resumen extendido en un fichero.<\/strong><\/li>\n\n\n\n<li><strong>Los posters ser\u00e1n evaluados en t\u00e9rminos de la claridad de la presentaci\u00f3n y el impacto de la contribuci\u00f3n.<\/strong><\/li>\n<\/ol>\n<\/div>\n<\/div>\n\n\n\n<div class=\"wp-block-columns alignfull has-ast-global-color-7-background-color has-background is-layout-flex wp-container-core-columns-is-layout-28f84493 wp-block-columns-is-layout-flex\">\n<div class=\"wp-block-column is-layout-flow wp-block-column-is-layout-flow\">\n<h2 class=\"wp-block-heading\">Premios<\/h2>\n\n\n\n<div class=\"wp-block-columns is-layout-flex wp-container-core-columns-is-layout-28f84493 wp-block-columns-is-layout-flex\">\n<div class=\"wp-block-column is-layout-flow wp-block-column-is-layout-flow\">\n<figure class=\"wp-block-image size-full is-resized is-style-rounded\"><img loading=\"lazy\" decoding=\"async\" width=\"644\" height=\"644\" src=\"https:\/\/2024.evic.cl\/wp-content\/uploads\/2024\/09\/logo_evic_transp.png\" alt=\"\" class=\"wp-image-952\" style=\"width:465px;height:auto\"\/><\/figure>\n\n\n\n<p class=\"has-text-align-center has-ast-global-color-1-color has-text-color has-large-font-size\"><\/p>\n<\/div>\n\n\n\n<div class=\"wp-block-column is-layout-flow wp-block-column-is-layout-flow\">\n<figure class=\"wp-block-gallery has-nested-images columns-default is-cropped wp-block-gallery-1 is-layout-flex wp-block-gallery-is-layout-flex\">\n<figure class=\"wp-block-image size-full is-style-rounded\"><img loading=\"lazy\" decoding=\"async\" width=\"644\" height=\"644\" data-id=\"952\" src=\"https:\/\/2024.evic.cl\/wp-content\/uploads\/2024\/09\/logo_evic_transp.png\" alt=\"\" class=\"wp-image-952\"\/><\/figure>\n<\/figure>\n\n\n\n<p class=\"has-text-align-center has-ast-global-color-1-color has-text-color has-large-font-size\"><strong> <\/strong><\/p>\n<\/div>\n\n\n\n<div class=\"wp-block-column is-layout-flow wp-block-column-is-layout-flow\">\n<figure class=\"wp-block-gallery has-nested-images columns-default is-cropped wp-block-gallery-2 is-layout-flex wp-block-gallery-is-layout-flex\">\n<figure class=\"wp-block-image size-full is-style-rounded\"><img loading=\"lazy\" decoding=\"async\" width=\"644\" height=\"644\" data-id=\"952\" src=\"https:\/\/2024.evic.cl\/wp-content\/uploads\/2024\/09\/logo_evic_transp.png\" alt=\"\" class=\"wp-image-952\"\/><\/figure>\n<\/figure>\n\n\n\n<p class=\"has-text-align-center has-ast-global-color-1-color has-text-color has-large-font-size\"><strong> <\/strong><\/p>\n<\/div>\n<\/div>\n\n\n\n<p>Imagenes referenciales (producto espec\u00edfico sujeto a disponibilidad).<\/p>\n<\/div>\n<\/div>\n\n\n\n<div class=\"wp-block-columns alignfull has-ast-global-color-1-background-color has-background is-layout-flex wp-container-core-columns-is-layout-28f84493 wp-block-columns-is-layout-flex\">\n<div class=\"wp-block-column is-layout-flow wp-block-column-is-layout-flow\">\n<p><\/p>\n\n\n\n<h2 class=\"wp-block-heading has-luminous-vivid-orange-color has-text-color\"><strong>Comit\u00e9 Evaluador<\/strong><\/h2>\n\n\n\n<div class=\"wp-block-columns is-layout-flex wp-container-core-columns-is-layout-28f84493 wp-block-columns-is-layout-flex\">\n<div class=\"wp-block-column is-layout-flow wp-block-column-is-layout-flow\">\n<figure class=\"wp-block-image aligncenter size-full is-style-rounded\"><img loading=\"lazy\" decoding=\"async\" width=\"222\" height=\"222\" src=\"https:\/\/2024.evic.cl\/wp-content\/uploads\/2023\/11\/default.jpg\" alt=\"\" class=\"wp-image-764\"\/><\/figure>\n\n\n\n<h3 class=\"wp-block-heading has-text-align-center\"><\/h3>\n\n\n\n<p class=\"has-text-align-center has-ast-global-color-6-color has-text-color\"><strong> <\/strong><\/p>\n<\/div>\n\n\n\n<div class=\"wp-block-column is-layout-flow wp-block-column-is-layout-flow\">\n<figure class=\"wp-block-image aligncenter size-full is-style-rounded\"><img loading=\"lazy\" decoding=\"async\" width=\"222\" height=\"222\" src=\"https:\/\/2024.evic.cl\/wp-content\/uploads\/2023\/11\/default.jpg\" alt=\"\" class=\"wp-image-764\"\/><\/figure>\n\n\n\n<h3 class=\"wp-block-heading has-text-align-center\"><\/h3>\n\n\n\n<p class=\"has-text-align-center has-ast-global-color-6-color has-text-color\"><strong> <\/strong><\/p>\n<\/div>\n\n\n\n<div class=\"wp-block-column is-layout-flow wp-block-column-is-layout-flow\"><\/div>\n<\/div>\n<\/div>\n<\/div>\n\n\n\n<div class=\"wp-block-columns is-layout-flex wp-container-core-columns-is-layout-28f84493 wp-block-columns-is-layout-flex\">\n<div class=\"wp-block-column is-layout-flow wp-block-column-is-layout-flow\">\n<h2 class=\"wp-block-heading\" id=\"testimonio\">Testimonio<\/h2>\n\n\n\n<h3 class=\"wp-block-heading\">Nicol\u00e1s Fierro, ganador concurso de posters EVIC 2022<\/h3>\n\n\n\n<div class=\"wp-block-columns is-layout-flex wp-container-core-columns-is-layout-28f84493 wp-block-columns-is-layout-flex\">\n<div class=\"wp-block-column is-layout-flow wp-block-column-is-layout-flow\">\n<figure class=\"wp-block-image size-full\"><img loading=\"lazy\" decoding=\"async\" width=\"960\" height=\"1280\" src=\"https:\/\/2024.evic.cl\/wp-content\/uploads\/2023\/08\/foto_tuno.jpeg\" alt=\"\" class=\"wp-image-259\"\/><\/figure>\n<\/div>\n\n\n\n<div class=\"wp-block-column is-layout-flow wp-block-column-is-layout-flow\">\n<p>Mi participaci\u00f3n en EVIC 2022 fue de gran aprendizaje. Gracias a las charlas y talleres realizados durante el evento, pude entender m\u00e1s sobre el trabajo de investigadores pioneros en el campo de la inteligencia computacional. La interacci\u00f3n con los expositores y la forma en que explicaban los conceptos hac\u00edan que cada actividad fuera una excelente oportunidad para comprender las bases de ciertos algoritmos, apreciar el alcance de sus aplicaciones e incluso implementar herramientas en frameworks con distintas capacidades y beneficios, sin dejar de lado el aspecto \u00e9tico que conlleva el desarrollo de nuevas tecnolog\u00edas.<\/p>\n\n\n\n<p>Por otro lado, EVIC nos brind\u00f3 la oportunidad de ser participantes activos, permiti\u00e9ndonos exponer trabajos de investigaci\u00f3n en su concurso de p\u00f3sters, lo cual fue una buena oportunidad para recibir feedback de expertos y motivar el proceso de investigaci\u00f3n.<\/p>\n<\/div>\n<\/div>\n\n\n\n<h3 class=\"wp-block-heading has-text-align-center\">Poster<\/h3>\n\n\n\n<div data-wp-interactive=\"core\/file\" class=\"wp-block-file\"><object data-wp-bind--hidden=\"!state.hasPdfPreview\" hidden class=\"wp-block-file__embed\" data=\"https:\/\/2024.evic.cl\/wp-content\/uploads\/2023\/08\/SGE_posterV2.pdf\" type=\"application\/pdf\" style=\"width:100%;height:600px\" aria-label=\"Incrustado de SGE_posterV2.\"><\/object><a id=\"wp-block-file--media-a3db8d55-9101-4a38-ac3b-3bfa666e7a06\" href=\"https:\/\/2024.evic.cl\/wp-content\/uploads\/2023\/08\/SGE_posterV2.pdf\">SGE_posterV2<\/a><a href=\"https:\/\/2024.evic.cl\/wp-content\/uploads\/2023\/08\/SGE_posterV2.pdf\" class=\"wp-block-file__button wp-element-button\" download aria-describedby=\"wp-block-file--media-a3db8d55-9101-4a38-ac3b-3bfa666e7a06\">Descargar<\/a><\/div>\n<\/div>\n<\/div>\n\n\n\n<div class=\"wp-block-columns alignfull has-ast-global-color-5-color has-ast-global-color-1-background-color has-text-color has-background is-layout-flex wp-container-core-columns-is-layout-28f84493 wp-block-columns-is-layout-flex\">\n<div class=\"wp-block-column is-layout-flow wp-block-column-is-layout-flow\">\n<h3 class=\"wp-block-heading has-ast-global-color-2-color has-text-color\"><strong>Dudas y consultas<\/strong><\/h3>\n\n\n\n<p class=\"has-ast-global-color-6-color has-text-color has-link-color wp-elements-31db9edc3e3f85f3474bb309cf2cca43\"><strong>Contactar al correo: Pamela Guevara (<a href=\"mailto:ccarvajal@dim.uchile.cl\" target=\"_blank\" rel=\"noreferrer noopener\">pamela.guevara@biomedica.udec.cl<\/a>)<\/strong><\/p>\n<\/div>\n<\/div>\n","protected":false},"excerpt":{"rendered":"<p>Concurso de Posters EVIC 2024 En EVIC 2024, se realizar\u00e1 un Concurso de Posters en Inteligencia Computacional. Esto se llevar\u00e1 a cabo en la Facultad de Ingenier\u00eda de la Universidad de Concepci\u00f3n, Edmundo Larenas 219, Concepci\u00f3n. Los participantes de la competencia deben ser estudiantes de pregrado o de postgrado que presenten sus trabajos de investigaci\u00f3n [&hellip;]<\/p>\n","protected":false},"author":4,"featured_media":0,"parent":0,"menu_order":0,"comment_status":"closed","ping_status":"closed","template":"","meta":{"site-sidebar-layout":"default","site-content-layout":"","ast-site-content-layout":"default","site-content-style":"default","site-sidebar-style":"default","ast-global-header-display":"","ast-banner-title-visibility":"","ast-main-header-display":"","ast-hfb-above-header-display":"","ast-hfb-below-header-display":"","ast-hfb-mobile-header-display":"","site-post-title":"","ast-breadcrumbs-content":"","ast-featured-img":"","footer-sml-layout":"","ast-disable-related-posts":"","theme-transparent-header-meta":"","adv-header-id-meta":"","stick-header-meta":"","header-above-stick-meta":"","header-main-stick-meta":"","header-below-stick-meta":"","astra-migrate-meta-layouts":"set","ast-page-background-enabled":"default","ast-page-background-meta":{"desktop":{"background-color":"var(--ast-global-color-4)","background-image":"","background-repeat":"repeat","background-position":"center center","background-size":"auto","background-attachment":"scroll","background-type":"","background-media":"","overlay-type":"","overlay-color":"","overlay-opacity":"","overlay-gradient":""},"tablet":{"background-color":"","background-image":"","background-repeat":"repeat","background-position":"center center","background-size":"auto","background-attachment":"scroll","background-type":"","background-media":"","overlay-type":"","overlay-color":"","overlay-opacity":"","overlay-gradient":""},"mobile":{"background-color":"","background-image":"","background-repeat":"repeat","background-position":"center center","background-size":"auto","background-attachment":"scroll","background-type":"","background-media":"","overlay-type":"","overlay-color":"","overlay-opacity":"","overlay-gradient":""}},"ast-content-background-meta":{"desktop":{"background-color":"var(--ast-global-color-5)","background-image":"","background-repeat":"repeat","background-position":"center center","background-size":"auto","background-attachment":"scroll","background-type":"","background-media":"","overlay-type":"","overlay-color":"","overlay-opacity":"","overlay-gradient":""},"tablet":{"background-color":"var(--ast-global-color-5)","background-image":"","background-repeat":"repeat","background-position":"center center","background-size":"auto","background-attachment":"scroll","background-type":"","background-media":"","overlay-type":"","overlay-color":"","overlay-opacity":"","overlay-gradient":""},"mobile":{"background-color":"var(--ast-global-color-5)","background-image":"","background-repeat":"repeat","background-position":"center center","background-size":"auto","background-attachment":"scroll","background-type":"","background-media":"","overlay-type":"","overlay-color":"","overlay-opacity":"","overlay-gradient":""}},"footnotes":""},"class_list":["post-892","page","type-page","status-publish","hentry"],"_links":{"self":[{"href":"https:\/\/2024.evic.cl\/index.php?rest_route=\/wp\/v2\/pages\/892","targetHints":{"allow":["GET"]}}],"collection":[{"href":"https:\/\/2024.evic.cl\/index.php?rest_route=\/wp\/v2\/pages"}],"about":[{"href":"https:\/\/2024.evic.cl\/index.php?rest_route=\/wp\/v2\/types\/page"}],"author":[{"embeddable":true,"href":"https:\/\/2024.evic.cl\/index.php?rest_route=\/wp\/v2\/users\/4"}],"replies":[{"embeddable":true,"href":"https:\/\/2024.evic.cl\/index.php?rest_route=%2Fwp%2Fv2%2Fcomments&post=892"}],"version-history":[{"count":7,"href":"https:\/\/2024.evic.cl\/index.php?rest_route=\/wp\/v2\/pages\/892\/revisions"}],"predecessor-version":[{"id":979,"href":"https:\/\/2024.evic.cl\/index.php?rest_route=\/wp\/v2\/pages\/892\/revisions\/979"}],"wp:attachment":[{"href":"https:\/\/2024.evic.cl\/index.php?rest_route=%2Fwp%2Fv2%2Fmedia&parent=892"}],"curies":[{"name":"wp","href":"https:\/\/api.w.org\/{rel}","templated":true}]}}