{"id":873,"date":"2024-09-23T13:52:54","date_gmt":"2024-09-23T16:52:54","guid":{"rendered":"https:\/\/2024.evic.cl\/?page_id=873"},"modified":"2024-12-10T18:43:25","modified_gmt":"2024-12-10T21:43:25","slug":"home-2-2","status":"publish","type":"page","link":"https:\/\/2024.evic.cl\/","title":{"rendered":"Home 2024"},"content":{"rendered":"\n<div class=\"wp-block-cover alignfull has-parallax wp-duotone-unset-1\" style=\"padding-top:90px;padding-bottom:114px;min-height:704px;aspect-ratio:unset;\"><span aria-hidden=\"true\" class=\"wp-block-cover__background has-background-dim-80 has-background-dim\" style=\"background-color:#00385d\"><\/span><div class=\"wp-block-cover__image-background wp-image-886 has-parallax\" style=\"background-position:50% 50%;background-image:url(https:\/\/2024.evic.cl\/wp-content\/uploads\/2024\/09\/fi_udec.jpg)\"><\/div><div class=\"wp-block-cover__inner-container is-layout-flow wp-block-cover-is-layout-flow\">\n<div class=\"wp-block-columns alignwide are-vertically-aligned-top is-layout-flex wp-container-core-columns-is-layout-28f84493 wp-block-columns-is-layout-flex\">\n<div class=\"wp-block-column is-layout-flow wp-block-column-is-layout-flow\" style=\"flex-basis:100%\">\n<h1 class=\"wp-block-heading has-text-align-left has-white-color has-text-color\" style=\"font-size:80px\"><strong>EVIC<\/strong> <strong>2024<\/strong><\/h1>\n\n\n\n<p class=\"has-luminous-vivid-orange-color has-text-color\" style=\"font-size:50px;font-style:normal;font-weight:600;line-height:1\"><strong>Escuela de Verano en Inteligencia Computacional <\/strong><\/p>\n\n\n\n<p class=\"has-ast-global-color-5-color has-text-color\" style=\"margin-top:0;margin-right:0;margin-bottom:0;margin-left:0;padding-top:0;padding-right:0;padding-bottom:0;padding-left:0;font-size:35px;line-height:1.3\"><strong>11 &#8211; 13 diciembre 2024<\/strong><br><strong>Facultad de Ingenier\u00eda &#8211; Universidad de Concepci\u00f3n<\/strong><\/p>\n\n\n\n<div class=\"wp-block-buttons alignwide is-vertical is-content-justification-left is-layout-flex wp-container-core-buttons-is-layout-db4c7fec wp-block-buttons-is-layout-flex\">\n<div class=\"wp-block-button has-custom-width wp-block-button__width-50 has-custom-font-size has-large-font-size\"><a class=\"wp-block-button__link has-luminous-vivid-orange-background-color has-background has-text-align-center wp-element-button\" href=\"https:\/\/www.evic.cl#inscripciones\">INSCRIPCIONES AQU\u00cd<\/a><\/div>\n<\/div>\n<\/div>\n<\/div>\n\n\n\n<p class=\"has-luminous-vivid-orange-color has-text-color has-link-color has-large-font-size wp-elements-7907df2c96f472ea6008e30efa3fe6f5\">ATENCI\u00d3N: Luego de pagar inscripci\u00f3n en la Tienda Virtual UdeC debe completar el siguiente&nbsp;<a href=\"https:\/\/forms.gle\/GRnXJ4tEzJNUsMn58\" target=\"_blank\" rel=\"noreferrer noopener\">Formulario de Inscripci\u00f3n<\/a><\/p>\n<\/div><\/div>\n\n\n\n<div class=\"wp-block-group alignfull has-ast-global-color-5-background-color has-background is-layout-constrained wp-container-core-group-is-layout-94d206d0 wp-block-group-is-layout-constrained\" id=\"evic\" style=\"padding-top:143px;padding-bottom:144px\">\n<div class=\"wp-block-media-text alignwide has-media-on-the-right is-stacked-on-mobile is-vertically-aligned-center\" style=\"grid-template-columns:auto 47%\"><div class=\"wp-block-media-text__content\">\n<div class=\"inherit-container-width wp-block-group is-layout-constrained wp-container-core-group-is-layout-08d9ef64 wp-block-group-is-layout-constrained\" style=\"padding-top:0;padding-right:10px\">\n<h2 class=\"wp-block-heading has-ast-global-color-0-color has-text-color\" style=\"padding-right:40px;font-size:50px\"><strong>La Escuela<\/strong><\/h2>\n\n\n\n<p class=\"has-black-color has-text-color\" style=\"font-size:17px;line-height:1.2\">La Escuela de Verano en Inteligencia Computacional (EVIC), es un evento anual, dirigido a estudiantes de pre y postgrado, acad\u00e9micos y profesionales de la industria. Su objetivo es promover los fundamentos, aplicaciones y avances recientes de la Inteligencia Computacional, Inteligencia Artificial, Machine Learning y Ciencia de datos.<\/p>\n\n\n\n<p class=\"has-black-color has-text-color\" style=\"font-size:17px;line-height:1.2\">Este a\u00f1o que celebramos la vig\u00e9sima primera versi\u00f3n de EVIC, la Escuela se efectuar\u00e1 en la Facultad de Ingenier\u00eda de la Universidad de Concepci\u00f3n, en la ciudad de Concepci\u00f3n.<\/p>\n\n\n\n<p class=\"has-black-color has-text-color\" style=\"font-size:17px;line-height:1.2\">EVIC 2024 es organizada por la Universidad de Concepci\u00f3n y es auspiciada por el <a href=\"https:\/\/ieeechile.cl\/dec0\/ieee-chile-centro-chile-sur-jt-chapter-computational-intelligence-society\/\" target=\"_blank\" rel=\"noreferrer noopener\">Cap\u00edtulo Chileno IEEE-CIS<\/a> y el <a href=\"https:\/\/ac3e.usm.cl\/\" target=\"_blank\" rel=\"noreferrer noopener\">Centro Avanzado de Ingenier\u00eda El\u00e9ctrica y Electr\u00f3nica<\/a> (AC3E).<\/p>\n<\/div>\n<\/div><figure class=\"wp-block-media-text__media\"><img loading=\"lazy\" decoding=\"async\" width=\"2048\" height=\"1365\" src=\"https:\/\/2024.evic.cl\/wp-content\/uploads\/2023\/08\/34_60A3909-min-1.jpg\" alt=\"\" class=\"wp-image-383 size-full\"\/><\/figure><\/div>\n<\/div>\n\n\n\n<div class=\"inherit-container-width wp-block-group alignfull has-background is-layout-constrained wp-block-group-is-layout-constrained\" id=\"inscripciones\" style=\"background-color:#00385d\">\n<h2 class=\"wp-block-heading has-luminous-vivid-orange-color has-text-color\" style=\"margin-top:0;margin-left:300px;font-size:50px;line-height:1\"><strong>Inscripciones<\/strong> y financiamiento<\/h2>\n\n\n\n<div class=\"wp-block-columns is-layout-flex wp-container-core-columns-is-layout-28f84493 wp-block-columns-is-layout-flex\">\n<div class=\"wp-block-column is-vertically-aligned-center is-layout-flow wp-block-column-is-layout-flow\">\n<center><figure class=\"wp-block-image aligncenter is-resized\"><img decoding=\"async\" src=\"https:\/\/2024.evic.cl\/wp-content\/uploads\/2024\/11\/evic_valores_2024_3.png\" usemap=\"#mi-mapa\" alt=\"\" class=\"wp-image-1024\" style=\"width:1005px;height:auto\"\/><\/figure><\/center>\n<map name=\"mi-mapa\">\n\n  <area shape=\"rect\" coords=\"810,160,945,195\" target=\"_blank\" href=\"https:\/\/tiendavirtual.udec.cl\/en\/iit-udec\/36819-escuela-de-verano-en-inteligencia-computacional-evic-2024-estudiante-ieee.html\" title=\"Pagar Estudiante IEEE\">\n  \n  <area shape=\"rect\" coords=\"810,245,945,275\" target=\"_blank\" href=\"https:\/\/tiendavirtual.udec.cl\/en\/iit-udec\/36818-escuela-de-verano-en-inteligencia-computacional-evic-2024-estudiante.html\" title=\"Pagar Estudiante\">\n  \n  <area shape=\"rect\" coords=\"810,330,945,360\" target=\"_blank\" href=\"https:\/\/tiendavirtual.udec.cl\/en\/iit-udec\/36817-escuela-de-verano-en-inteligencia-computacional-evic-2024-profesional-ieee.html\" title=\"Pagar Profesional IEEE\">\n\n  <area shape=\"rect\" coords=\"810,410,945,440\" target=\"_blank\" href=\"https:\/\/tiendavirtual.udec.cl\/en\/iit-udec\/36816-escuela-de-verano-en-inteligencia-computacional-evic-2024-profesional.html\" title=\"Pagar Profesional\">\n\n  <area shape=\"rect\" coords=\"810,500,945,530\" target=\"_blank\" href=\"https:\/\/tiendavirtual.udec.cl\/en\/iit-udec\/36815-escuela-de-verano-en-inteligencia-computacional-evic-2024-single-day-ticket.html\" title=\"Pagar Single day ticket\">\n<\/map>\n\n\n\n<p class=\"has-luminous-vivid-orange-color has-text-color has-link-color has-large-font-size wp-elements-991c37edb5fbdaadc480c2b31a8733e6\" id=\"financiamiento\" style=\"padding-right:var(--wp--preset--spacing--80);padding-left:var(--wp--preset--spacing--80)\">ATENCI\u00d3N: Luego de pagar inscripci\u00f3n en la Tienda Virtual UdeC debe completar el siguiente&nbsp;<a href=\"https:\/\/forms.gle\/GRnXJ4tEzJNUsMn58\" target=\"_blank\" rel=\"noreferrer noopener\">Formulario de Inscripci\u00f3n<\/a><\/p>\n\n\n\n<p class=\"has-ast-global-color-5-color has-text-color has-link-color has-medium-font-size wp-elements-acba1ca9db03c9fc3199addf057846b2\" id=\"financiamiento\">Para m\u00e1s informaci\u00f3n, escribe a <a rel=\"noreferrer noopener\" href=\"mailto:evicchile@gmail.com\" target=\"_blank\">evicchile@gmail.com<\/a>.<\/p>\n<\/div>\n<\/div>\n<\/div>\n\n\n\n<div class=\"wp-block-columns alignfull has-background is-layout-flex wp-container-core-columns-is-layout-28f84493 wp-block-columns-is-layout-flex\" id=\"programa\" style=\"background-color:#f0c75663\">\n<div class=\"wp-block-column is-layout-flow wp-block-column-is-layout-flow\">\n<h1 class=\"wp-block-heading alignfull has-text-align-center\" style=\"margin-top:0;margin-right:0;margin-bottom:0;margin-left:0\">Programa de la Escuela<\/h1>\n\n\n\n<figure class=\"wp-block-image aligncenter size-full is-resized\"><img loading=\"lazy\" decoding=\"async\" width=\"1168\" height=\"837\" src=\"https:\/\/2024.evic.cl\/wp-content\/uploads\/2024\/12\/programa_evic__2024_02.png\" alt=\"\" class=\"wp-image-1236\" style=\"width:1280px\"\/><\/figure>\n\n\n\n<p><\/p>\n<\/div>\n<\/div>\n\n\n\n<div class=\"wp-block-columns is-layout-flex wp-container-core-columns-is-layout-54c329c4 wp-block-columns-is-layout-flex\" id=\"oradores\" style=\"margin-top:0;margin-bottom:0;padding-top:0;padding-right:0;padding-bottom:0;padding-left:0\">\n<div class=\"wp-block-column is-layout-flow wp-block-column-is-layout-flow\">\n<h2 class=\"wp-block-heading alignwide has-text-align-left has-ast-global-color-0-color has-text-color\"><br>Plenary speakers<\/h2>\n\n\n\n<div class=\"wp-block-columns is-layout-flex wp-container-core-columns-is-layout-28f84493 wp-block-columns-is-layout-flex\">\n<div class=\"wp-block-column is-layout-flow wp-block-column-is-layout-flow\">\n<figure class=\"wp-block-image aligncenter size-full is-resized is-style-rounded wp-duotone-rgb6657107-rgba6657107017-2\"><img loading=\"lazy\" decoding=\"async\" width=\"612\" height=\"612\" src=\"https:\/\/2024.evic.cl\/wp-content\/uploads\/2024\/09\/alice-smith.png\" alt=\"\" class=\"wp-image-945\" style=\"width:258px;height:auto\"\/><\/figure>\n\n\n\n<h3 class=\"wp-block-heading has-text-align-center\"><a href=\"https:\/\/www.eng.auburn.edu\/users\/smithae\/\" target=\"_blank\" rel=\"noreferrer noopener\">Alice Smith<\/a><\/h3>\n\n\n\n<p class=\"has-text-align-center has-black-color has-text-color\" style=\"line-height:1.2\">Auburn University<\/p>\n<\/div>\n\n\n\n<div class=\"wp-block-column is-layout-flow wp-block-column-is-layout-flow\">\n<figure class=\"wp-block-image aligncenter size-full is-resized is-style-rounded wp-duotone-rgb6657107-rgba6657107017-3\"><img loading=\"lazy\" decoding=\"async\" width=\"200\" height=\"200\" src=\"https:\/\/2024.evic.cl\/wp-content\/uploads\/2024\/10\/alonso_silva.jpeg\" alt=\"\" class=\"wp-image-960\" style=\"width:258px;height:auto\"\/><\/figure>\n\n\n\n<h3 class=\"wp-block-heading has-text-align-center\"><a href=\"https:\/\/www.linkedin.com\/in\/alonsosilvaallende\" target=\"_blank\" rel=\"noreferrer noopener\">Alonso Silva<\/a><\/h3>\n\n\n\n<p class=\"has-text-align-center has-black-color has-text-color\" style=\"line-height:1.2\">Nokia Bell Labs<\/p>\n<\/div>\n\n\n\n<div class=\"wp-block-column is-layout-flow wp-block-column-is-layout-flow\">\n<figure class=\"wp-block-image aligncenter size-full is-resized is-style-rounded wp-duotone-rgb6657107-rgba6657107017-4\"><img loading=\"lazy\" decoding=\"async\" width=\"1200\" height=\"1200\" src=\"https:\/\/2024.evic.cl\/wp-content\/uploads\/2024\/09\/Foto-Leticia.jpg\" alt=\"\" class=\"wp-image-958\" style=\"width:258px;height:auto\"\/><\/figure>\n\n\n\n<h3 class=\"wp-block-heading has-text-align-center\"><a href=\"https:\/\/miclab.fee.unicamp.br\/teams\/leticia-rittner\" target=\"_blank\" rel=\"noreferrer noopener\">Let\u00edcia Rittner<\/a><\/h3>\n\n\n\n<p class=\"has-text-align-center has-black-color has-text-color\" style=\"line-height:1.2\">University of Campinas<\/p>\n<\/div>\n<\/div>\n\n\n\n<div class=\"wp-block-columns is-layout-flex wp-container-core-columns-is-layout-28f84493 wp-block-columns-is-layout-flex\">\n<div class=\"wp-block-column is-layout-flow wp-block-column-is-layout-flow\">\n<figure class=\"wp-block-image aligncenter size-full is-resized is-style-rounded wp-duotone-rgb6657107-rgba6657107017-5\"><img loading=\"lazy\" decoding=\"async\" width=\"512\" height=\"512\" src=\"https:\/\/2024.evic.cl\/wp-content\/uploads\/2024\/12\/carlos-navarrete-lizama.png\" alt=\"\" class=\"wp-image-1108\" style=\"width:258px;height:auto\"\/><\/figure>\n\n\n\n<h3 class=\"wp-block-heading has-text-align-center\"><a href=\"https:\/\/www.linkedin.com\/in\/cnavarreteliz\" target=\"_blank\" rel=\"noreferrer noopener\">Carlos Navarrete<\/a><\/h3>\n\n\n\n<p class=\"has-text-align-center has-black-color has-text-color\" style=\"line-height:1.2\">Universidad de Concepci\u00f3n<\/p>\n<\/div>\n\n\n\n<div class=\"wp-block-column is-layout-flow wp-block-column-is-layout-flow\">\n<figure class=\"wp-block-image aligncenter size-full is-resized is-style-rounded wp-duotone-rgb6657107-rgba6657107017-6\"><img loading=\"lazy\" decoding=\"async\" width=\"512\" height=\"512\" src=\"https:\/\/2024.evic.cl\/wp-content\/uploads\/2024\/12\/carola_figueroa.png\" alt=\"\" class=\"wp-image-1112\" style=\"width:258px;height:auto\"\/><\/figure>\n\n\n\n<h3 class=\"wp-block-heading has-text-align-center\"><a href=\"https:\/\/www.linkedin.com\/in\/caroffl\" target=\"_blank\" rel=\"noreferrer noopener\">Carola Figueroa<\/a><\/h3>\n\n\n\n<p class=\"has-text-align-center has-black-color has-text-color\" style=\"line-height:1.2\">Universidad del B\u00edo B\u00edo<\/p>\n<\/div>\n\n\n\n<div class=\"wp-block-column is-layout-flow wp-block-column-is-layout-flow\">\n<figure class=\"wp-block-image aligncenter size-full is-resized is-style-rounded wp-duotone-rgb6657107-rgba6657107017-7\"><img loading=\"lazy\" decoding=\"async\" width=\"330\" height=\"330\" src=\"https:\/\/2024.evic.cl\/wp-content\/uploads\/2024\/09\/Hugo_Garces.png\" alt=\"\" class=\"wp-image-900\" style=\"width:258px;height:auto\"\/><\/figure>\n\n\n\n<h3 class=\"wp-block-heading has-text-align-center\"><a href=\"https:\/\/fi.udec.cl\/academicos\/hugo-garces-h\/\" target=\"_blank\" rel=\"noreferrer noopener\">Hugo Garc\u00e9s<\/a><\/h3>\n\n\n\n<p class=\"has-text-align-center has-black-color has-text-color\" style=\"line-height:1.2\">Universidad de Concepci\u00f3n<\/p>\n<\/div>\n<\/div>\n<\/div>\n<\/div>\n\n\n\n<h2 class=\"wp-block-heading\" style=\"margin-top:var(--wp--preset--spacing--70);margin-bottom:var(--wp--preset--spacing--50)\">Tutorial Speakers<\/h2>\n\n\n\n<div class=\"wp-block-columns alignwide is-layout-flex wp-container-core-columns-is-layout-b99702a1 wp-block-columns-is-layout-flex\" style=\"padding-top:0px;padding-bottom:0px\">\n<div class=\"wp-block-column is-layout-flow wp-block-column-is-layout-flow\">\n<figure class=\"wp-block-image aligncenter size-full is-resized is-style-rounded wp-duotone-rgb6657107-rgba6657107017-8\"><img loading=\"lazy\" decoding=\"async\" width=\"512\" height=\"512\" src=\"https:\/\/2024.evic.cl\/wp-content\/uploads\/2024\/12\/daniel_san_martin.png\" alt=\"\" class=\"wp-image-1120\" style=\"width:258px;height:auto\"\/><\/figure>\n\n\n\n<h4 class=\"wp-block-heading has-text-align-center\"><a href=\"https:\/\/www.linkedin.com\/in\/danielsanmartin\/\" target=\"_blank\" rel=\"noreferrer noopener\">Daniel San Mart\u00edn<\/a><\/h4>\n\n\n\n<p class=\"has-text-align-center has-black-color has-text-color\" style=\"line-height:1.2\">Universidad T\u00e9cnica Federico Santa Mar\u00eda<\/p>\n<\/div>\n\n\n\n<div class=\"wp-block-column is-layout-flow wp-block-column-is-layout-flow\">\n<figure class=\"wp-block-image aligncenter size-full is-resized is-style-rounded wp-duotone-rgb6657107-rgba6657107017-9\"><img loading=\"lazy\" decoding=\"async\" width=\"512\" height=\"512\" src=\"https:\/\/2024.evic.cl\/wp-content\/uploads\/2024\/12\/vicente_varas.png\" alt=\"\" class=\"wp-image-1132\" style=\"width:258px;height:auto\"\/><\/figure>\n\n\n\n<h4 class=\"wp-block-heading has-text-align-center\"><a href=\"https:\/\/www.linkedin.com\/in\/vicente-varas-pavez-7283ba209\" target=\"_blank\" rel=\"noreferrer noopener\">Vicente Varas<\/a><\/h4>\n\n\n\n<p class=\"has-text-align-center has-black-color has-text-color\" style=\"line-height:1.2\">Universidad de Concepci\u00f3n<\/p>\n<\/div>\n\n\n\n<div class=\"wp-block-column is-layout-flow wp-block-column-is-layout-flow\">\n<figure class=\"wp-block-image aligncenter size-full is-resized is-style-rounded wp-duotone-rgb6657107-rgba6657107017-10\"><img loading=\"lazy\" decoding=\"async\" width=\"512\" height=\"512\" src=\"https:\/\/2024.evic.cl\/wp-content\/uploads\/2024\/12\/ricardo_flores.png\" alt=\"\" class=\"wp-image-1144\" style=\"width:258px;height:auto\"\/><\/figure>\n\n\n\n<h4 class=\"wp-block-heading has-text-align-center\"><a href=\"https:\/\/fi.udec.cl\/academicos\/ricardo-flores\" target=\"_blank\" rel=\"noreferrer noopener\">Ricardo Flores<\/a><\/h4>\n\n\n\n<p class=\"has-text-align-center has-black-color has-text-color\" style=\"line-height:1.2\">Universidad de Concepci\u00f3n<\/p>\n<\/div>\n<\/div>\n\n\n\n<div class=\"wp-block-columns alignwide is-layout-flex wp-container-core-columns-is-layout-cc359fc1 wp-block-columns-is-layout-flex\" style=\"padding-top:52px;padding-bottom:52px\">\n<div class=\"wp-block-column is-layout-flow wp-block-column-is-layout-flow\">\n<figure class=\"wp-block-image aligncenter size-full is-resized is-style-rounded wp-duotone-rgb6657107-rgba6657107017-11\"><img loading=\"lazy\" decoding=\"async\" width=\"512\" height=\"512\" src=\"https:\/\/2024.evic.cl\/wp-content\/uploads\/2024\/12\/german_pizarro.png\" alt=\"\" class=\"wp-image-1152\" style=\"width:258px;height:auto\"\/><\/figure>\n\n\n\n<h4 class=\"wp-block-heading has-text-align-center\"><a href=\"https:\/\/www.linkedin.com\/in\/german-pizarro\" target=\"_blank\" rel=\"noreferrer noopener\">Germ\u00e1n Pizarro<\/a><\/h4>\n\n\n\n<p class=\"has-text-align-center has-black-color has-text-color\" style=\"line-height:1.2\">Blueprint AI | CENIA<\/p>\n<\/div>\n\n\n\n<div class=\"wp-block-column is-layout-flow wp-block-column-is-layout-flow\">\n<figure class=\"wp-block-image aligncenter size-full is-resized is-style-rounded wp-duotone-rgb6657107-rgba6657107017-12\"><img loading=\"lazy\" decoding=\"async\" width=\"512\" height=\"512\" src=\"https:\/\/2024.evic.cl\/wp-content\/uploads\/2024\/12\/pedro_salcedo.png\" alt=\"\" class=\"wp-image-1156\" style=\"width:258px;height:auto\"\/><\/figure>\n\n\n\n<h4 class=\"wp-block-heading has-text-align-center\"><a href=\"https:\/\/www.linkedin.com\/in\/pedro-salcedo-lagos-a9871721\" target=\"_blank\" rel=\"noreferrer noopener\">Pedro Salcedo-Lagos<\/a><\/h4>\n\n\n\n<p class=\"has-text-align-center has-black-color has-text-color\" style=\"line-height:1.2\">Universidad de Concepci\u00f3n<\/p>\n<\/div>\n\n\n\n<div class=\"wp-block-column is-layout-flow wp-block-column-is-layout-flow\">\n<figure class=\"wp-block-image aligncenter size-full is-resized is-style-rounded wp-duotone-rgb6657107-rgba6657107017-13\"><img loading=\"lazy\" decoding=\"async\" width=\"512\" height=\"512\" src=\"https:\/\/2024.evic.cl\/wp-content\/uploads\/2024\/12\/aldo_ortega.png\" alt=\"\" class=\"wp-image-1160\" style=\"width:258px;height:auto\"\/><\/figure>\n\n\n\n<h4 class=\"wp-block-heading has-text-align-center\"><a href=\"https:\/\/www.linkedin.com\/in\/aldoo\" target=\"_blank\" rel=\"noreferrer noopener\">Aldo Ortega<\/a><\/h4>\n\n\n\n<p class=\"has-text-align-center has-black-color has-text-color\" style=\"line-height:1.2\">Thoughtworks<\/p>\n<\/div>\n<\/div>\n\n\n\n<div class=\"wp-block-columns alignwide is-layout-flex wp-container-core-columns-is-layout-cc359fc1 wp-block-columns-is-layout-flex\" style=\"padding-top:52px;padding-bottom:52px\">\n<div class=\"wp-block-column is-layout-flow wp-block-column-is-layout-flow\">\n<figure class=\"wp-block-image aligncenter size-full is-resized is-style-rounded wp-duotone-rgb6657107-rgba6657107017-14\"><img loading=\"lazy\" decoding=\"async\" width=\"512\" height=\"512\" src=\"https:\/\/2024.evic.cl\/wp-content\/uploads\/2024\/12\/miguel_guevara.png\" alt=\"\" class=\"wp-image-1192\" style=\"width:258px;height:auto\"\/><\/figure>\n\n\n\n<h4 class=\"wp-block-heading has-text-align-center\"><a href=\"https:\/\/www.linkedin.com\/in\/miguel-guevara-phd\" target=\"_blank\" rel=\"noreferrer noopener\">Miguel Guevara<\/a><\/h4>\n\n\n\n<p class=\"has-text-align-center has-black-color has-text-color\" style=\"line-height:1.2\">Institut du Cerveau \u2013 Paris Brain Institute<\/p>\n<\/div>\n<\/div>\n\n\n\n<div class=\"wp-block-cover alignfull\" id=\"posters\"><span aria-hidden=\"true\" class=\"wp-block-cover__background has-background-dim-80 has-background-dim\" style=\"background-color:#00385d\"><\/span><img loading=\"lazy\" decoding=\"async\" width=\"2048\" height=\"1365\" class=\"wp-block-cover__image-background wp-image-169\" alt=\"\" src=\"https:\/\/2024.evic.cl\/wp-content\/uploads\/2023\/07\/49_60A3939.jpg\" style=\"object-position:52% 19%\" data-object-fit=\"cover\" data-object-position=\"52% 19%\"\/><div class=\"wp-block-cover__inner-container is-layout-flow wp-block-cover-is-layout-flow\">\n<p class=\"has-text-align-left has-luminous-vivid-orange-color has-text-color\" style=\"font-size:50px;font-style:normal;font-weight:600\">Concurso de Posters<\/p>\n\n\n\n<p style=\"padding-top:0;padding-right:0;padding-bottom:0;padding-left:0;font-size:25px;line-height:1.2\">En el marco de EVIC 2024 se realizar\u00e1 un Concurso de Posters en Inteligencia Computacional. Esta competencia est\u00e1 dirigida a estudiantes o reci\u00e9n graduados. Para participar, los y las interesados e interesada deber\u00e1n enviar un abstract extendido en idioma ingl\u00e9s.<br><br>La fecha l\u00edmite para env\u00edo de abstracts es el 15 de noviembre de 2024. <br><br>La notificaci\u00f3n de los trabajos aceptados se realizar\u00e1 el 29 de noviembre.<\/p>\n\n\n\n<div class=\"wp-block-buttons is-layout-flex wp-block-buttons-is-layout-flex\">\n<div class=\"wp-block-button has-custom-width wp-block-button__width-50 has-custom-font-size\" style=\"font-size:30px\"><a class=\"wp-block-button__link has-luminous-vivid-orange-background-color has-background wp-element-button\" href=\"https:\/\/2024.evic.cl\/?page_id=892\" style=\"border-radius:100px\" target=\"_blank\" rel=\"noreferrer noopener\">M\u00e1s informaci\u00f3n<\/a><\/div>\n<\/div>\n<\/div><\/div>\n\n\n\n<div class=\"wp-block-columns alignwide has-ast-global-color-5-background-color has-background is-layout-flex wp-container-core-columns-is-layout-c1a430be wp-block-columns-is-layout-flex\" id=\"equipo\">\n<div class=\"wp-block-column is-vertically-aligned-center is-layout-flow wp-block-column-is-layout-flow\" style=\"flex-basis:1200px\">\n<h2 class=\"wp-block-heading alignfull has-text-align-left has-ast-global-color-2-color has-text-color\" style=\"margin-left:0px\">Equipo Organizador<\/h2>\n\n\n\n<div class=\"wp-block-columns has-ast-global-color-5-background-color has-background is-layout-flex wp-container-core-columns-is-layout-28f84493 wp-block-columns-is-layout-flex\" style=\"border-style:none;border-width:0px\">\n<div class=\"wp-block-column is-layout-flow wp-block-column-is-layout-flow\">\n<figure class=\"wp-block-image aligncenter size-full is-resized is-style-rounded wp-duotone-rgb112375-rgba0000-15\"><img loading=\"lazy\" decoding=\"async\" width=\"320\" height=\"320\" src=\"https:\/\/2024.evic.cl\/wp-content\/uploads\/2023\/07\/10.png\" alt=\"Foto de Pamela Guevara\" class=\"wp-image-198\" style=\"width:258px;height:auto\"\/><\/figure>\n\n\n\n<h4 class=\"wp-block-heading has-text-align-center has-ast-global-color-2-color has-text-color has-link-color wp-elements-d1266b8e1bd619e87e5bb0b548ecacbf\"><a href=\"https:\/\/www.linkedin.com\/in\/pamela-guevara\" data-type=\"URL\" data-id=\"http:\/\/www.dim.uchile.cl\/~ftobar\/\" target=\"_blank\" rel=\"noreferrer noopener\">Pamela Guevara<\/a><\/h4>\n\n\n\n<p class=\"has-text-align-center has-ast-global-color-8-color has-text-color\" style=\"line-height:1.2\">AC3E &amp; Universidad de Concepci\u00f3n<br><\/p>\n<\/div>\n\n\n\n<div class=\"wp-block-column is-layout-flow wp-block-column-is-layout-flow\">\n<figure class=\"wp-block-image aligncenter size-full is-resized is-style-rounded wp-duotone-rgb112375-rgb255255255-16\"><img loading=\"lazy\" decoding=\"async\" width=\"800\" height=\"800\" src=\"https:\/\/2024.evic.cl\/wp-content\/uploads\/2024\/09\/mabel_vidal.jpeg\" alt=\"\" class=\"wp-image-901\" style=\"width:258px;height:auto\"\/><\/figure>\n\n\n\n<h4 class=\"wp-block-heading has-text-align-center has-ast-global-color-2-color has-text-color has-link-color wp-elements-e10d1303b2b4069141b057a4119316ed\"><a href=\"https:\/\/www.linkedin.com\/in\/mabel-vidalm\" data-type=\"URL\" data-id=\"https:\/\/www.linkedin.com\/in\/dominique-hermosilla-3964b92b\/\" target=\"_blank\" rel=\"noreferrer noopener\">Mabel Vidal<\/a> <\/h4>\n\n\n\n<p class=\"has-text-align-center has-ast-global-color-8-color has-text-color\" style=\"line-height:01.2\">Universidad de Concepci\u00f3n<\/p>\n<\/div>\n\n\n\n<div class=\"wp-block-column is-layout-flow wp-block-column-is-layout-flow\">\n<figure class=\"wp-block-image aligncenter size-full is-resized is-style-rounded wp-duotone-000000-0b174a57-17\"><img loading=\"lazy\" decoding=\"async\" width=\"330\" height=\"330\" src=\"https:\/\/2024.evic.cl\/wp-content\/uploads\/2024\/09\/Hugo_Garces.png\" alt=\"\" class=\"wp-image-900\" style=\"width:258px;height:auto\"\/><\/figure>\n\n\n\n<h4 class=\"wp-block-heading has-text-align-center has-ast-global-color-2-color has-text-color has-link-color wp-elements-9ec8144401f6b59976a0896e3339d9b5\"><a href=\"https:\/\/fi.udec.cl\/academicos\/hugo-garces-h\/\" data-type=\"URL\" data-id=\"https:\/\/www.dim.uchile.cl\/~ccarvajal\/\" target=\"_blank\" rel=\"noreferrer noopener\">Hugo Garc\u00e9s<\/a><\/h4>\n\n\n\n<p class=\"has-text-align-center has-ast-global-color-8-color has-text-color\" style=\"line-height:1.2\">Universidad de Concepci\u00f3n<\/p>\n<\/div>\n<\/div>\n\n\n\n<div class=\"wp-block-columns is-layout-flex wp-container-core-columns-is-layout-28f84493 wp-block-columns-is-layout-flex\">\n<div class=\"wp-block-column is-layout-flow wp-block-column-is-layout-flow\">\n<figure class=\"wp-block-image aligncenter size-full is-resized is-style-rounded wp-duotone-rgb112375-rgb255255255-18\"><img loading=\"lazy\" decoding=\"async\" width=\"1024\" height=\"1024\" src=\"https:\/\/2024.evic.cl\/wp-content\/uploads\/2024\/10\/daniela_carrasco-1.png\" alt=\"\" class=\"wp-image-964\" style=\"width:258px;height:auto\"\/><\/figure>\n\n\n\n<div class=\"wp-block-columns is-layout-flex wp-container-core-columns-is-layout-28f84493 wp-block-columns-is-layout-flex\">\n<div class=\"wp-block-column is-layout-flow wp-block-column-is-layout-flow\">\n<p class=\"has-text-align-center\"><a href=\"#\" target=\"_blank\" rel=\"noreferrer noopener\">Daniela Carrasco<\/a><\/p>\n\n\n\n<p class=\"has-text-align-center\">Universidad de Concepci\u00f3n<\/p>\n<\/div>\n<\/div>\n<\/div>\n\n\n\n<div class=\"wp-block-column is-layout-flow wp-block-column-is-layout-flow\">\n<figure class=\"wp-block-image aligncenter size-full is-resized is-style-rounded wp-duotone-rgb112375-rgb255255255-19\"><img loading=\"lazy\" decoding=\"async\" width=\"234\" height=\"234\" src=\"https:\/\/2024.evic.cl\/wp-content\/uploads\/2024\/12\/natalia_vidal_01-2.png\" alt=\"\" class=\"wp-image-1100\" style=\"width:258px;height:auto\"\/><\/figure>\n\n\n\n<div class=\"wp-block-columns is-layout-flex wp-container-core-columns-is-layout-28f84493 wp-block-columns-is-layout-flex\">\n<div class=\"wp-block-column is-layout-flow wp-block-column-is-layout-flow\">\n<p class=\"has-text-align-center\"><a href=\"#\" target=\"_blank\" rel=\"noreferrer noopener\">Natalia Vidal<\/a><\/p>\n\n\n\n<p class=\"has-text-align-center\">Universidad de Concepci\u00f3n<\/p>\n<\/div>\n<\/div>\n<\/div>\n\n\n\n<div class=\"wp-block-column is-layout-flow wp-block-column-is-layout-flow\">\n<figure class=\"wp-block-image aligncenter size-full is-resized is-style-rounded wp-duotone-rgb112375-rgb255255255-20\"><img loading=\"lazy\" decoding=\"async\" width=\"200\" height=\"200\" src=\"https:\/\/2024.evic.cl\/wp-content\/uploads\/2024\/09\/cristian_neira.jpeg\" alt=\"\" class=\"wp-image-902\" style=\"width:258px;height:auto\"\/><\/figure>\n\n\n\n<div class=\"wp-block-columns is-layout-flex wp-container-core-columns-is-layout-28f84493 wp-block-columns-is-layout-flex\">\n<div class=\"wp-block-column is-layout-flow wp-block-column-is-layout-flow\">\n<p class=\"has-text-align-center\"><a href=\"https:\/\/www.linkedin.com\/in\/cristian-neira-silva-97a5881a\" target=\"_blank\" rel=\"noreferrer noopener\">Cristian Neira<\/a><\/p>\n\n\n\n<p class=\"has-text-align-center\">Universidad de Concepci\u00f3n<\/p>\n<\/div>\n<\/div>\n<\/div>\n<\/div>\n<\/div>\n<\/div>\n\n\n\n<div class=\"wp-block-columns alignwide is-layout-flex wp-container-core-columns-is-layout-28f84493 wp-block-columns-is-layout-flex\" id=\"sponsors\">\n<div class=\"wp-block-column is-layout-flow wp-block-column-is-layout-flow\">\n<h2 class=\"wp-block-heading\">Organiza<\/h2>\n\n\n\n<figure class=\"wp-block-image size-full is-resized\"><img loading=\"lazy\" decoding=\"async\" width=\"300\" height=\"74\" src=\"https:\/\/2024.evic.cl\/wp-content\/uploads\/2024\/09\/udec_FI.png\" alt=\"\" class=\"wp-image-904\" style=\"aspect-ratio:2.6638655462184873;object-fit:contain;width:304px;height:auto\"\/><\/figure>\n\n\n\n<p><\/p>\n\n\n\n<h2 class=\"wp-block-heading\" style=\"font-size:50px\">Auspician<\/h2>\n\n\n\n<div class=\"wp-block-columns is-layout-flex wp-container-core-columns-is-layout-28f84493 wp-block-columns-is-layout-flex\">\n<div class=\"wp-block-column is-layout-flow wp-block-column-is-layout-flow\">\n<figure class=\"wp-block-image aligncenter size-full is-resized\"><img loading=\"lazy\" decoding=\"async\" width=\"300\" height=\"96\" src=\"https:\/\/2024.evic.cl\/wp-content\/uploads\/2023\/07\/logo_AC3E.png\" alt=\"\" class=\"wp-image-216\" style=\"width:280px;height:auto\"\/><\/figure>\n<\/div>\n\n\n\n<div class=\"wp-block-column is-layout-flow wp-block-column-is-layout-flow\">\n<figure class=\"wp-block-image aligncenter size-full is-resized\"><img loading=\"lazy\" decoding=\"async\" width=\"444\" height=\"158\" src=\"https:\/\/2024.evic.cl\/wp-content\/uploads\/2023\/07\/logo_IEEE.png\" alt=\"\" class=\"wp-image-213\" style=\"width:230px;height:auto\"\/><\/figure>\n<\/div>\n\n\n\n<div class=\"wp-block-column is-layout-flow wp-block-column-is-layout-flow\">\n<figure class=\"wp-block-image aligncenter size-full is-resized\"><img loading=\"lazy\" decoding=\"async\" width=\"1200\" height=\"469\" src=\"https:\/\/2024.evic.cl\/wp-content\/uploads\/2024\/09\/cenia.jpg\" alt=\"\" class=\"wp-image-955\" style=\"width:231px;height:auto\"\/><\/figure>\n<\/div>\n<\/div>\n\n\n\n<p style=\"padding-top:var(--wp--preset--spacing--30);padding-bottom:var(--wp--preset--spacing--30)\"><\/p>\n\n\n\n<div class=\"wp-block-columns is-layout-flex wp-container-core-columns-is-layout-28f84493 wp-block-columns-is-layout-flex\">\n<div class=\"wp-block-column is-layout-flow wp-block-column-is-layout-flow\">\n<figure class=\"wp-block-image aligncenter size-full is-resized\"><img loading=\"lazy\" decoding=\"async\" width=\"200\" height=\"200\" src=\"https:\/\/2024.evic.cl\/wp-content\/uploads\/2024\/10\/nokiabelllabs_logo.jpeg\" alt=\"\" class=\"wp-image-966\" style=\"width:90px;height:auto\"\/><\/figure>\n<\/div>\n\n\n\n<div class=\"wp-block-column is-layout-flow wp-block-column-is-layout-flow\">\n<figure class=\"wp-block-image aligncenter size-full\"><img loading=\"lazy\" decoding=\"async\" width=\"300\" height=\"74\" src=\"https:\/\/2024.evic.cl\/wp-content\/uploads\/2024\/09\/udec_FI.png\" alt=\"\" class=\"wp-image-904\"\/><\/figure>\n<\/div>\n<\/div>\n\n\n\n<div class=\"wp-block-columns is-layout-flex wp-container-core-columns-is-layout-28f84493 wp-block-columns-is-layout-flex\">\n<div class=\"wp-block-column is-layout-flow wp-block-column-is-layout-flow\"><\/div>\n<\/div>\n\n\n\n<div class=\"wp-block-columns is-layout-flex wp-container-core-columns-is-layout-28f84493 wp-block-columns-is-layout-flex\">\n<div class=\"wp-block-column is-layout-flow wp-block-column-is-layout-flow\">\n<div class=\"wp-block-columns is-layout-flex wp-container-core-columns-is-layout-28f84493 wp-block-columns-is-layout-flex\">\n<div class=\"wp-block-column is-layout-flow wp-block-column-is-layout-flow\"><\/div>\n\n\n\n<div class=\"wp-block-column is-layout-flow wp-block-column-is-layout-flow\"><\/div>\n<\/div>\n<\/div>\n\n\n\n<div class=\"wp-block-column is-layout-flow wp-block-column-is-layout-flow\">\n<div class=\"wp-block-columns is-layout-flex wp-container-core-columns-is-layout-28f84493 wp-block-columns-is-layout-flex\">\n<div class=\"wp-block-column is-layout-flow wp-block-column-is-layout-flow\"><\/div>\n\n\n\n<div class=\"wp-block-column is-layout-flow wp-block-column-is-layout-flow\"><\/div>\n<\/div>\n<\/div>\n<\/div>\n<\/div>\n<\/div>\n\n\n\n<div class=\"wp-block-cover alignfull\" style=\"min-height:438px;aspect-ratio:unset;\" id=\"contacto\"><span aria-hidden=\"true\" class=\"wp-block-cover__background has-background-dim-80 has-background-dim\" style=\"background-color:#00385d\"><\/span><img loading=\"lazy\" decoding=\"async\" width=\"512\" height=\"341\" class=\"wp-block-cover__image-background wp-image-906\" alt=\"\" src=\"https:\/\/2024.evic.cl\/wp-content\/uploads\/2024\/09\/udec_arco.jpg\" data-object-fit=\"cover\"\/><div class=\"wp-block-cover__inner-container is-layout-flow wp-block-cover-is-layout-flow\">\n<p class=\"has-luminous-vivid-orange-color has-text-color\" style=\"font-size:50px;font-style:normal;font-weight:600\">Contacto<\/p>\n\n\n\n<div class=\"inherit-container-width wp-block-group is-layout-constrained wp-block-group-is-layout-constrained\">\n<p class=\"has-ast-global-color-7-color has-text-color has-link-color has-medium-font-size wp-elements-ced9f668faf6e07a9f95e5dcd8d144b3\">Para mayor informaci\u00f3n de evento escribir a <a rel=\"noreferrer noopener\" href=\"mailto:evicchile@gmail.com\" target=\"_blank\">evicchile@gmail.com<\/a>.<\/p>\n<\/div>\n\n\n\n<ul class=\"wp-block-social-links is-layout-flex wp-block-social-links-is-layout-flex\"><li class=\"wp-social-link wp-social-link-linkedin  wp-block-social-link\"><a href=\"https:\/\/www.linkedin.com\/in\/evic-escuela-de-verano-en-inteligencia-computacional-47705224b\" class=\"wp-block-social-link-anchor\"><svg width=\"24\" height=\"24\" viewBox=\"0 0 24 24\" version=\"1.1\" xmlns=\"http:\/\/www.w3.org\/2000\/svg\" aria-hidden=\"true\" focusable=\"false\"><path d=\"M19.7,3H4.3C3.582,3,3,3.582,3,4.3v15.4C3,20.418,3.582,21,4.3,21h15.4c0.718,0,1.3-0.582,1.3-1.3V4.3 C21,3.582,20.418,3,19.7,3z M8.339,18.338H5.667v-8.59h2.672V18.338z M7.004,8.574c-0.857,0-1.549-0.694-1.549-1.548 c0-0.855,0.691-1.548,1.549-1.548c0.854,0,1.547,0.694,1.547,1.548C8.551,7.881,7.858,8.574,7.004,8.574z M18.339,18.338h-2.669 v-4.177c0-0.996-0.017-2.278-1.387-2.278c-1.389,0-1.601,1.086-1.601,2.206v4.249h-2.667v-8.59h2.559v1.174h0.037 c0.356-0.675,1.227-1.387,2.526-1.387c2.703,0,3.203,1.779,3.203,4.092V18.338z\"><\/path><\/svg><span class=\"wp-block-social-link-label screen-reader-text\">LinkedIn<\/span><\/a><\/li>\n\n<li class=\"wp-social-link wp-social-link-instagram  wp-block-social-link\"><a href=\"https:\/\/www.instagram.com\/evicchile\/\" class=\"wp-block-social-link-anchor\"><svg width=\"24\" height=\"24\" viewBox=\"0 0 24 24\" version=\"1.1\" xmlns=\"http:\/\/www.w3.org\/2000\/svg\" aria-hidden=\"true\" focusable=\"false\"><path d=\"M12,4.622c2.403,0,2.688,0.009,3.637,0.052c0.877,0.04,1.354,0.187,1.671,0.31c0.42,0.163,0.72,0.358,1.035,0.673 c0.315,0.315,0.51,0.615,0.673,1.035c0.123,0.317,0.27,0.794,0.31,1.671c0.043,0.949,0.052,1.234,0.052,3.637 s-0.009,2.688-0.052,3.637c-0.04,0.877-0.187,1.354-0.31,1.671c-0.163,0.42-0.358,0.72-0.673,1.035 c-0.315,0.315-0.615,0.51-1.035,0.673c-0.317,0.123-0.794,0.27-1.671,0.31c-0.949,0.043-1.233,0.052-3.637,0.052 s-2.688-0.009-3.637-0.052c-0.877-0.04-1.354-0.187-1.671-0.31c-0.42-0.163-0.72-0.358-1.035-0.673 c-0.315-0.315-0.51-0.615-0.673-1.035c-0.123-0.317-0.27-0.794-0.31-1.671C4.631,14.688,4.622,14.403,4.622,12 s0.009-2.688,0.052-3.637c0.04-0.877,0.187-1.354,0.31-1.671c0.163-0.42,0.358-0.72,0.673-1.035 c0.315-0.315,0.615-0.51,1.035-0.673c0.317-0.123,0.794-0.27,1.671-0.31C9.312,4.631,9.597,4.622,12,4.622 M12,3 C9.556,3,9.249,3.01,8.289,3.054C7.331,3.098,6.677,3.25,6.105,3.472C5.513,3.702,5.011,4.01,4.511,4.511 c-0.5,0.5-0.808,1.002-1.038,1.594C3.25,6.677,3.098,7.331,3.054,8.289C3.01,9.249,3,9.556,3,12c0,2.444,0.01,2.751,0.054,3.711 c0.044,0.958,0.196,1.612,0.418,2.185c0.23,0.592,0.538,1.094,1.038,1.594c0.5,0.5,1.002,0.808,1.594,1.038 c0.572,0.222,1.227,0.375,2.185,0.418C9.249,20.99,9.556,21,12,21s2.751-0.01,3.711-0.054c0.958-0.044,1.612-0.196,2.185-0.418 c0.592-0.23,1.094-0.538,1.594-1.038c0.5-0.5,0.808-1.002,1.038-1.594c0.222-0.572,0.375-1.227,0.418-2.185 C20.99,14.751,21,14.444,21,12s-0.01-2.751-0.054-3.711c-0.044-0.958-0.196-1.612-0.418-2.185c-0.23-0.592-0.538-1.094-1.038-1.594 c-0.5-0.5-1.002-0.808-1.594-1.038c-0.572-0.222-1.227-0.375-2.185-0.418C14.751,3.01,14.444,3,12,3L12,3z M12,7.378 c-2.552,0-4.622,2.069-4.622,4.622S9.448,16.622,12,16.622s4.622-2.069,4.622-4.622S14.552,7.378,12,7.378z M12,15 c-1.657,0-3-1.343-3-3s1.343-3,3-3s3,1.343,3,3S13.657,15,12,15z M16.804,6.116c-0.596,0-1.08,0.484-1.08,1.08 s0.484,1.08,1.08,1.08c0.596,0,1.08-0.484,1.08-1.08S17.401,6.116,16.804,6.116z\"><\/path><\/svg><span class=\"wp-block-social-link-label screen-reader-text\">Instagram<\/span><\/a><\/li>\n\n<li class=\"wp-social-link wp-social-link-mail  wp-block-social-link\"><a href=\"mailto:evicchile@gmail.com\" class=\"wp-block-social-link-anchor\"><svg width=\"24\" height=\"24\" viewBox=\"0 0 24 24\" version=\"1.1\" xmlns=\"http:\/\/www.w3.org\/2000\/svg\" aria-hidden=\"true\" focusable=\"false\"><path d=\"M19,5H5c-1.1,0-2,.9-2,2v10c0,1.1.9,2,2,2h14c1.1,0,2-.9,2-2V7c0-1.1-.9-2-2-2zm.5,12c0,.3-.2.5-.5.5H5c-.3,0-.5-.2-.5-.5V9.8l7.5,5.6,7.5-5.6V17zm0-9.1L12,13.6,4.5,7.9V7c0-.3.2-.5.5-.5h14c.3,0,.5.2.5.5v.9z\"><\/path><\/svg><span class=\"wp-block-social-link-label screen-reader-text\">Correo electr\u00f3nico<\/span><\/a><\/li>\n\n<li class=\"wp-social-link wp-social-link-twitter  wp-block-social-link\"><a href=\"https:\/\/twitter.com\/EVICChile?s=20\" class=\"wp-block-social-link-anchor\"><svg width=\"24\" height=\"24\" viewBox=\"0 0 24 24\" version=\"1.1\" xmlns=\"http:\/\/www.w3.org\/2000\/svg\" aria-hidden=\"true\" focusable=\"false\"><path d=\"M22.23,5.924c-0.736,0.326-1.527,0.547-2.357,0.646c0.847-0.508,1.498-1.312,1.804-2.27 c-0.793,0.47-1.671,0.812-2.606,0.996C18.324,4.498,17.257,4,16.077,4c-2.266,0-4.103,1.837-4.103,4.103 c0,0.322,0.036,0.635,0.106,0.935C8.67,8.867,5.647,7.234,3.623,4.751C3.27,5.357,3.067,6.062,3.067,6.814 c0,1.424,0.724,2.679,1.825,3.415c-0.673-0.021-1.305-0.206-1.859-0.513c0,0.017,0,0.034,0,0.052c0,1.988,1.414,3.647,3.292,4.023 c-0.344,0.094-0.707,0.144-1.081,0.144c-0.264,0-0.521-0.026-0.772-0.074c0.522,1.63,2.038,2.816,3.833,2.85 c-1.404,1.1-3.174,1.756-5.096,1.756c-0.331,0-0.658-0.019-0.979-0.057c1.816,1.164,3.973,1.843,6.29,1.843 c7.547,0,11.675-6.252,11.675-11.675c0-0.178-0.004-0.355-0.012-0.531C20.985,7.47,21.68,6.747,22.23,5.924z\"><\/path><\/svg><span class=\"wp-block-social-link-label screen-reader-text\">Twitter<\/span><\/a><\/li><\/ul>\n<\/div><\/div>\n","protected":false},"excerpt":{"rendered":"<p>La Escuela La Escuela de Verano en Inteligencia Computacional (EVIC), es un evento anual, dirigido a estudiantes de pre y postgrado, acad\u00e9micos y profesionales de la industria. Su objetivo es promover los fundamentos, aplicaciones y avances recientes de la Inteligencia Computacional, Inteligencia Artificial, Machine Learning y Ciencia de datos. Este a\u00f1o que celebramos la vig\u00e9sima [&hellip;]<\/p>\n","protected":false},"author":8,"featured_media":0,"parent":0,"menu_order":0,"comment_status":"closed","ping_status":"closed","template":"","meta":{"site-sidebar-layout":"no-sidebar","site-content-layout":"","ast-site-content-layout":"normal-width-container","site-content-style":"unboxed","site-sidebar-style":"unboxed","ast-global-header-display":"","ast-banner-title-visibility":"","ast-main-header-display":"","ast-hfb-above-header-display":"","ast-hfb-below-header-display":"","ast-hfb-mobile-header-display":"","site-post-title":"","ast-breadcrumbs-content":"","ast-featured-img":"","footer-sml-layout":"","ast-disable-related-posts":"","theme-transparent-header-meta":"enabled","adv-header-id-meta":"","stick-header-meta":"","header-above-stick-meta":"","header-main-stick-meta":"","header-below-stick-meta":"","astra-migrate-meta-layouts":"set","ast-page-background-enabled":"default","ast-page-background-meta":{"desktop":{"background-color":"var(--ast-global-color-4)","background-image":"","background-repeat":"repeat","background-position":"center center","background-size":"auto","background-attachment":"scroll","background-type":"","background-media":"","overlay-type":"","overlay-color":"","overlay-opacity":"","overlay-gradient":""},"tablet":{"background-color":"","background-image":"","background-repeat":"repeat","background-position":"center center","background-size":"auto","background-attachment":"scroll","background-type":"","background-media":"","overlay-type":"","overlay-color":"","overlay-opacity":"","overlay-gradient":""},"mobile":{"background-color":"","background-image":"","background-repeat":"repeat","background-position":"center center","background-size":"auto","background-attachment":"scroll","background-type":"","background-media":"","overlay-type":"","overlay-color":"","overlay-opacity":"","overlay-gradient":""}},"ast-content-background-meta":{"desktop":{"background-color":"var(--ast-global-color-5)","background-image":"","background-repeat":"repeat","background-position":"center center","background-size":"auto","background-attachment":"scroll","background-type":"","background-media":"","overlay-type":"","overlay-color":"","overlay-opacity":"","overlay-gradient":""},"tablet":{"background-color":"var(--ast-global-color-5)","background-image":"","background-repeat":"repeat","background-position":"center center","background-size":"auto","background-attachment":"scroll","background-type":"","background-media":"","overlay-type":"","overlay-color":"","overlay-opacity":"","overlay-gradient":""},"mobile":{"background-color":"var(--ast-global-color-5)","background-image":"","background-repeat":"repeat","background-position":"center center","background-size":"auto","background-attachment":"scroll","background-type":"","background-media":"","overlay-type":"","overlay-color":"","overlay-opacity":"","overlay-gradient":""}},"footnotes":""},"class_list":["post-873","page","type-page","status-publish","hentry"],"_links":{"self":[{"href":"https:\/\/2024.evic.cl\/index.php?rest_route=\/wp\/v2\/pages\/873","targetHints":{"allow":["GET"]}}],"collection":[{"href":"https:\/\/2024.evic.cl\/index.php?rest_route=\/wp\/v2\/pages"}],"about":[{"href":"https:\/\/2024.evic.cl\/index.php?rest_route=\/wp\/v2\/types\/page"}],"author":[{"embeddable":true,"href":"https:\/\/2024.evic.cl\/index.php?rest_route=\/wp\/v2\/users\/8"}],"replies":[{"embeddable":true,"href":"https:\/\/2024.evic.cl\/index.php?rest_route=%2Fwp%2Fv2%2Fcomments&post=873"}],"version-history":[{"count":83,"href":"https:\/\/2024.evic.cl\/index.php?rest_route=\/wp\/v2\/pages\/873\/revisions"}],"predecessor-version":[{"id":1240,"href":"https:\/\/2024.evic.cl\/index.php?rest_route=\/wp\/v2\/pages\/873\/revisions\/1240"}],"wp:attachment":[{"href":"https:\/\/2024.evic.cl\/index.php?rest_route=%2Fwp%2Fv2%2Fmedia&parent=873"}],"curies":[{"name":"wp","href":"https:\/\/api.w.org\/{rel}","templated":true}]}}